{"id":178,"date":"2014-12-04T16:29:45","date_gmt":"2014-12-04T16:29:45","guid":{"rendered":"http:\/\/colegionuevohorizonte.cl\/?page_id=178"},"modified":"2026-03-18T18:02:45","modified_gmt":"2026-03-18T18:02:45","slug":"nuestros-docentes","status":"publish","type":"page","link":"https:\/\/colegionuevohorizonte.cl\/wp-admin\/nuestros-docentes\/","title":{"rendered":"Nuestros Docentes &#8211; Equipo Multidisciplinario y Administrativos"},"content":{"rendered":"<p class=\"titulo\" style=\"text-align: left;\"><span style=\"text-decoration: underline;\"><strong>PLANTA DOCENTE Y ADMINISTRATIVA 2024<\/strong><\/span><\/p>\n<table class=\"profesores\" style=\"height: 4987px;\" border=\"0\" width=\"598\" cellspacing=\"0\" cellpadding=\"0\">\n<tbody>\n<tr>\n<th valign=\"middle\" width=\"265\" height=\"39\">\n<h5 style=\"text-align: center;\"><strong><span class=\"listaprofes\">NOMBRE<\/span><\/strong><\/h5>\n<\/th>\n<th valign=\"middle\" width=\"350\">\n<h5><strong><span class=\"listaprofes\">CARGO<\/span><\/strong><\/h5>\n<\/th>\n<\/tr>\n<tr>\n<td valign=\"top\" width=\"265\" height=\"182\">\n<h5 style=\"text-align: center;\"><strong><span class=\"listaprofes\">Carolina C\u00e1ceres P\u00e9rez<\/span><\/strong><\/h5>\n<p><strong>\u00a0 \u00a0 <a href=\"http:\/\/colegionuevohorizonte.cl\/wp-content\/uploads\/2025\/03\/WhatsApp-Image-2025-03-18-at-16.56.40.jpeg\"><img decoding=\"async\" loading=\"lazy\" class=\"alignnone size-medium wp-image-4529\" src=\"http:\/\/colegionuevohorizonte.cl\/wp-content\/uploads\/2025\/03\/WhatsApp-Image-2025-03-18-at-16.56.40-225x300.jpeg\" alt=\"\" width=\"225\" height=\"300\" srcset=\"https:\/\/colegionuevohorizonte.cl\/wp-content\/uploads\/2025\/03\/WhatsApp-Image-2025-03-18-at-16.56.40-225x300.jpeg 225w, https:\/\/colegionuevohorizonte.cl\/wp-content\/uploads\/2025\/03\/WhatsApp-Image-2025-03-18-at-16.56.40-768x1024.jpeg 768w, https:\/\/colegionuevohorizonte.cl\/wp-content\/uploads\/2025\/03\/WhatsApp-Image-2025-03-18-at-16.56.40-1152x1536.jpeg 1152w, https:\/\/colegionuevohorizonte.cl\/wp-content\/uploads\/2025\/03\/WhatsApp-Image-2025-03-18-at-16.56.40.jpeg 1200w\" sizes=\"(max-width: 225px) 100vw, 225px\" \/><\/a><\/strong><\/p>\n<\/td>\n<td valign=\"middle\" width=\"350\">\n<h5 style=\"text-align: center;\"><strong><span class=\"listaprofes\">Educadora de P\u00e1rvulos de Pre Kinder y Kinder<\/span><\/strong><\/h5>\n<h5>\u00a0 \u00a0 \u00a0 \u00a0<strong>carolinacaceres@colegionuevohorizonte.cl<\/strong><\/h5>\n<\/td>\n<\/tr>\n<tr>\n<td valign=\"top\" width=\"265\" height=\"182\">\n<h5 style=\"text-align: center;\"><strong>Nelly Medina Santander<\/strong><\/h5>\n<h5 style=\"text-align: center;\"><strong><a href=\"http:\/\/colegionuevohorizonte.cl\/wp-content\/uploads\/2022\/06\/WhatsApp-Image-2022-06-17-at-10.04.25-AM.jpeg\"><img decoding=\"async\" loading=\"lazy\" class=\"wp-image-3866 aligncenter\" src=\"http:\/\/colegionuevohorizonte.cl\/wp-content\/uploads\/2022\/06\/WhatsApp-Image-2022-06-17-at-10.04.25-AM-225x300.jpeg\" alt=\"\" width=\"209\" height=\"279\" srcset=\"https:\/\/colegionuevohorizonte.cl\/wp-content\/uploads\/2022\/06\/WhatsApp-Image-2022-06-17-at-10.04.25-AM-225x300.jpeg 225w, https:\/\/colegionuevohorizonte.cl\/wp-content\/uploads\/2022\/06\/WhatsApp-Image-2022-06-17-at-10.04.25-AM-768x1024.jpeg 768w, https:\/\/colegionuevohorizonte.cl\/wp-content\/uploads\/2022\/06\/WhatsApp-Image-2022-06-17-at-10.04.25-AM-1152x1536.jpeg 1152w, https:\/\/colegionuevohorizonte.cl\/wp-content\/uploads\/2022\/06\/WhatsApp-Image-2022-06-17-at-10.04.25-AM.jpeg 1200w\" sizes=\"(max-width: 209px) 100vw, 209px\" \/><\/a><\/strong><\/h5>\n<\/td>\n<td valign=\"middle\" width=\"350\">\n<h5 style=\"text-align: center;\"><strong><span class=\"listaprofes\">\u00a0 \u00a0 \u00a0 \u00a0 \u00a0 \u00a0 \u00a0 \u00a0 \u00a0 \u00a0 \u00a0 Asistente de P\u00e1rvulos\u00a0 \u00a0 \u00a0 \u00a0 \u00a0 \u00a0 \u00a0 \u00a0 \u00a0 \u00a0 \u00a0 \u00a0 de Pre Kinder y Kinder<\/span><\/strong><\/h5>\n<h5>\u00a0<strong>\u00a0 \u00a0 \u00a0 \u00a0 \u00a0nellymedina@colegionuevohorizonte.cl<\/strong><\/h5>\n<\/td>\n<\/tr>\n<tr>\n<td valign=\"top\" width=\"265\" height=\"184\">\n<h5 style=\"text-align: center;\"><strong>Soledad Guerrero D\u00edaz<\/strong><\/h5>\n<h5 style=\"text-align: center;\"><strong><a href=\"http:\/\/colegionuevohorizonte.cl\/wp-content\/uploads\/2022\/06\/SOLE.png\"><img decoding=\"async\" loading=\"lazy\" class=\"wp-image-3868 aligncenter\" src=\"http:\/\/colegionuevohorizonte.cl\/wp-content\/uploads\/2022\/06\/SOLE-230x300.png\" alt=\"\" width=\"230\" height=\"300\" srcset=\"https:\/\/colegionuevohorizonte.cl\/wp-content\/uploads\/2022\/06\/SOLE-230x300.png 230w, https:\/\/colegionuevohorizonte.cl\/wp-content\/uploads\/2022\/06\/SOLE.png 477w\" sizes=\"(max-width: 230px) 100vw, 230px\" \/><\/a><\/strong><\/h5>\n<h5>\u00a0<\/h5>\n<h5 style=\"text-align: center;\"><strong>Mar\u00eda Soledad Caballero<\/strong><\/h5>\n<h5>\u00a0<\/h5>\n<\/td>\n<td valign=\"middle\" width=\"350\">\n<h5>\u00a0<\/h5>\n<h5 style=\"text-align: center;\"><strong><span class=\"listaprofes\">\u00a0<\/span><\/strong><\/h5>\n<h5>\u00a0<\/h5>\n<h5 style=\"text-align: center;\"><strong><span class=\"listaprofes\">Profesora jefe 1\u00ba b\u00e1sico, profesora de M\u00fasica\u00a0 de 3\u00b0 a\u00f1o b\u00e1sico y de Tecnolog\u00eda desde 3\u00b0 a 8\u00b0 a\u00f1o b\u00e1sico<\/span><\/strong><\/h5>\n<h5><strong>\u00a0 \u00a0 \u00a0 soledadguerrero@colegionuevohorizonte.cl<\/strong><\/h5>\n<h5>\u00a0<\/h5>\n<h5>\u00a0<\/h5>\n<h5>\u00a0<\/h5>\n<h5>\u00a0<\/h5>\n<h5>\u00a0<\/h5>\n<h5 style=\"text-align: center;\"><strong><span class=\"listaprofes\">Profesora jefe 2\u00b0 a\u00f1o b\u00e1sico y <\/span><\/strong><strong><span class=\"listaprofes\">profesora de Interculturalidad primer ciclo b\u00e1sico<\/span><\/strong><\/h5>\n<h5><strong>\u00a0 \u00a0 \u00a0msoledadcaballero@colegionuevohorizonte.cl<\/strong><\/h5>\n<h5 style=\"text-align: center;\">\u00a0<\/h5>\n<h5 style=\"text-align: center;\">\u00a0<\/h5>\n<h5>\u00a0<\/h5>\n<\/td>\n<\/tr>\n<tr>\n<td valign=\"top\" width=\"265\">\n<h5 style=\"text-align: center;\"><strong>Andrea Salinas D\u00edaz<\/strong><\/h5>\n<h5 style=\"text-align: center;\"><strong><a href=\"http:\/\/colegionuevohorizonte.cl\/wp-content\/uploads\/2022\/06\/WhatsApp-Image-2022-06-17-at-9.35.49-AM.jpeg\"><img decoding=\"async\" loading=\"lazy\" class=\"wp-image-3869 aligncenter\" src=\"http:\/\/colegionuevohorizonte.cl\/wp-content\/uploads\/2022\/06\/WhatsApp-Image-2022-06-17-at-9.35.49-AM-300x300.jpeg\" alt=\"\" width=\"234\" height=\"234\" srcset=\"https:\/\/colegionuevohorizonte.cl\/wp-content\/uploads\/2022\/06\/WhatsApp-Image-2022-06-17-at-9.35.49-AM-300x300.jpeg 300w, https:\/\/colegionuevohorizonte.cl\/wp-content\/uploads\/2022\/06\/WhatsApp-Image-2022-06-17-at-9.35.49-AM-150x150.jpeg 150w, https:\/\/colegionuevohorizonte.cl\/wp-content\/uploads\/2022\/06\/WhatsApp-Image-2022-06-17-at-9.35.49-AM-768x765.jpeg 768w, https:\/\/colegionuevohorizonte.cl\/wp-content\/uploads\/2022\/06\/WhatsApp-Image-2022-06-17-at-9.35.49-AM.jpeg 960w\" sizes=\"(max-width: 234px) 100vw, 234px\" \/><\/a><\/strong><\/h5>\n<\/td>\n<td valign=\"middle\" width=\"350\">\n<h5>\u00a0<\/h5>\n<h5 style=\"text-align: center;\"><strong><span class=\"listaprofes\">Profesora jefe de 3\u00b0 a\u00f1o b\u00e1sico y profesora\u00a0 especialista en Historia, Geograf\u00eda y Ciencias Sociales segundo ciclo <\/span><span class=\"listaprofes\">b\u00e1sico\u00a0<\/span><\/strong><\/h5>\n<h5 style=\"text-align: center;\"><strong>andreasalinas@colegionuevohorizonte.cl<\/strong><\/h5>\n<h5>\u00a0<\/h5>\n<h5 style=\"text-align: center;\">\u00a0<\/h5>\n<\/td>\n<\/tr>\n<tr>\n<td valign=\"top\" width=\"265\">\n<h5 style=\"text-align: center;\"><strong>Gonzalo Figueroa Torres<\/strong><\/h5>\n<h5 style=\"text-align: center;\"><strong>\u00a0<a href=\"http:\/\/colegionuevohorizonte.cl\/wp-content\/uploads\/2022\/06\/GONZALO.png\"><img decoding=\"async\" loading=\"lazy\" class=\"wp-image-3867 aligncenter\" src=\"http:\/\/colegionuevohorizonte.cl\/wp-content\/uploads\/2022\/06\/GONZALO-300x219.png\" alt=\"\" width=\"243\" height=\"177\" srcset=\"https:\/\/colegionuevohorizonte.cl\/wp-content\/uploads\/2022\/06\/GONZALO-300x219.png 300w, https:\/\/colegionuevohorizonte.cl\/wp-content\/uploads\/2022\/06\/GONZALO-1024x747.png 1024w, https:\/\/colegionuevohorizonte.cl\/wp-content\/uploads\/2022\/06\/GONZALO-768x560.png 768w, https:\/\/colegionuevohorizonte.cl\/wp-content\/uploads\/2022\/06\/GONZALO.png 1152w\" sizes=\"(max-width: 243px) 100vw, 243px\" \/><\/a><\/strong><\/h5>\n<\/td>\n<td valign=\"middle\" width=\"350\">\n<h5>\u00a0<\/h5>\n<h5>\u00a0<\/h5>\n<h5 style=\"text-align: center;\"><strong><span class=\"listaprofes\">Profesor jefe 4\u00ba a\u00f1o b\u00e1sico y profesor especialista en Artes Visuales segundo ciclo b\u00e1sico<\/span><\/strong><\/h5>\n<h5 style=\"text-align: center;\"><strong>gonzalofigueroa@colegionuevohorizonte.cl<\/strong><\/h5>\n<h5 style=\"text-align: center;\">\u00a0<\/h5>\n<\/td>\n<\/tr>\n<tr>\n<td valign=\"top\" width=\"265\" height=\"184\">\n<h5 style=\"text-align: center;\"><strong><span class=\"listaprofes\">Ra\u00fal Parra Meza<\/span><\/strong><\/h5>\n<h5 style=\"text-align: center;\"><strong><a href=\"http:\/\/colegionuevohorizonte.cl\/wp-content\/uploads\/2022\/06\/RAUL.png\"><img decoding=\"async\" loading=\"lazy\" class=\"wp-image-3872 aligncenter\" src=\"http:\/\/colegionuevohorizonte.cl\/wp-content\/uploads\/2022\/06\/RAUL-300x266.png\" alt=\"\" width=\"235\" height=\"208\" srcset=\"https:\/\/colegionuevohorizonte.cl\/wp-content\/uploads\/2022\/06\/RAUL-300x266.png 300w, https:\/\/colegionuevohorizonte.cl\/wp-content\/uploads\/2022\/06\/RAUL-768x681.png 768w, https:\/\/colegionuevohorizonte.cl\/wp-content\/uploads\/2022\/06\/RAUL.png 914w\" sizes=\"(max-width: 235px) 100vw, 235px\" \/><\/a><\/strong><\/h5>\n<\/td>\n<td valign=\"middle\" width=\"350\">\n<h5>\u00a0<\/h5>\n<h5 style=\"text-align: center;\"><strong><span class=\"listaprofes\">Profesor jefe de 5\u00b0 a\u00f1o b\u00e1sico y profesor especialista de Educaci\u00f3n F\u00edsica varones desde Pre &#8211; Kinder a 8\u00ba a\u00f1o b\u00e1sico\u00a0<\/span><\/strong><\/h5>\n<h5 style=\"text-align: center;\"><strong><span class=\"listaprofes\">raulparra@colegionuevohorizonte.cl\u00a0 \u00a0<\/span><\/strong><\/h5>\n<h5 style=\"text-align: center;\">\u00a0<\/h5>\n<\/td>\n<\/tr>\n<tr>\n<td valign=\"top\" width=\"265\" height=\"185\">\n<h5 style=\"text-align: center;\"><strong><span class=\"listaprofes\">Eduardo Gonz\u00e1lez Cepeda<\/span><\/strong><\/h5>\n<h5><strong><a href=\"http:\/\/colegionuevohorizonte.cl\/wp-content\/uploads\/2025\/06\/EDU.jpg\"><img decoding=\"async\" loading=\"lazy\" class=\" wp-image-4657 aligncenter\" src=\"http:\/\/colegionuevohorizonte.cl\/wp-content\/uploads\/2025\/06\/EDU-240x300.jpg\" alt=\"\" width=\"217\" height=\"271\" srcset=\"https:\/\/colegionuevohorizonte.cl\/wp-content\/uploads\/2025\/06\/EDU-240x300.jpg 240w, https:\/\/colegionuevohorizonte.cl\/wp-content\/uploads\/2025\/06\/EDU-820x1024.jpg 820w, https:\/\/colegionuevohorizonte.cl\/wp-content\/uploads\/2025\/06\/EDU-768x959.jpg 768w, https:\/\/colegionuevohorizonte.cl\/wp-content\/uploads\/2025\/06\/EDU.jpg 908w\" sizes=\"(max-width: 217px) 100vw, 217px\" \/><\/a><\/strong><\/h5>\n<\/td>\n<td valign=\"middle\" width=\"350\">\n<h5 style=\"text-align: center;\"><strong><span class=\"listaprofes\">\u00a0 \u00a0 \u00a0 \u00a0 \u00a0 \u00a0 \u00a0 \u00a0<\/span><\/strong><\/h5>\n<h5 style=\"text-align: center;\"><strong><span class=\"listaprofes\">\u00a0 \u00a0 \u00a0<\/span><\/strong><\/h5>\n<h5 style=\"text-align: center;\"><strong><span class=\"listaprofes\"> \u00a0 \u00a0Profesor jefe de 6\u00b0 a\u00f1o b\u00e1sico, profesor de Interculturalidad de 5\u00b0 y 6\u00b0 a\u00f1o b\u00e1sico y profesor especialista de Lenguaje de segundo ciclo<\/span><\/strong><\/h5>\n<h5 style=\"text-align: center;\"><strong><span class=\"listaprofes\">eduardogonzalez@colegionuevohorizonte.cl\u00a0 \u00a0<\/span><\/strong><\/h5>\n<h5>\u00a0<\/h5>\n<h5 style=\"text-align: center;\">\u00a0<\/h5>\n<h5 style=\"text-align: center;\"><strong><span class=\"listaprofes\">\u00a0<\/span><\/strong><\/h5>\n<\/td>\n<\/tr>\n<tr>\n<td valign=\"top\" width=\"265\" height=\"185\">\n<h5 style=\"text-align: center;\"><strong>Catalina Donoso Aros<\/strong><\/h5>\n<h5><strong><a href=\"http:\/\/colegionuevohorizonte.cl\/wp-content\/uploads\/2024\/03\/cata.jpg\"><img decoding=\"async\" loading=\"lazy\" class=\"wp-image-4341 aligncenter\" src=\"http:\/\/colegionuevohorizonte.cl\/wp-content\/uploads\/2024\/03\/cata-180x300.jpg\" alt=\"\" width=\"202\" height=\"337\" srcset=\"https:\/\/colegionuevohorizonte.cl\/wp-content\/uploads\/2024\/03\/cata-180x300.jpg 180w, https:\/\/colegionuevohorizonte.cl\/wp-content\/uploads\/2024\/03\/cata.jpg 270w\" sizes=\"(max-width: 202px) 100vw, 202px\" \/><\/a><\/strong><\/h5>\n<\/td>\n<td valign=\"middle\" width=\"350\">\n<h5>\u00a0<\/h5>\n<h5>\u00a0<\/h5>\n<h5>\u00a0<\/h5>\n<h5 style=\"text-align: center;\"><strong><span class=\"listaprofes\">\u00a0Profesora jefe de 7\u00b0 a\u00f1o b\u00e1sico y coordinadora del Programa de Integraci\u00f3n<\/span><\/strong><\/h5>\n<h5 style=\"text-align: center;\"><strong><span class=\"listaprofes\">\u00a0 \u00a0 \u00a0 \u00a0catalinadonoso@colegionuevohorizonte.cl\u00a0 \u00a0 \u00a0 \u00a0 \u00a0<\/span><\/strong><\/h5>\n<h5 style=\"text-align: center;\"><strong><span class=\"listaprofes\">\u00a0 \u00a0 \u00a0 \u00a0 \u00a0 \u00a0 \u00a0<\/span><\/strong><\/h5>\n<h5 style=\"text-align: center;\">\u00a0<\/h5>\n<h5>\u00a0<\/h5>\n<h5><strong><span class=\"listaprofes\">\u00a0<\/span><\/strong><\/h5>\n<\/td>\n<\/tr>\n<tr>\n<td valign=\"top\" width=\"265\" height=\"185\">\n<h5 style=\"text-align: center;\"><strong>Daniela Barros Pastene<\/strong><\/h5>\n<h5 style=\"text-align: center;\"><strong><a href=\"http:\/\/colegionuevohorizonte.cl\/wp-content\/uploads\/2022\/06\/Sin-titulo-6.png\"><img decoding=\"async\" loading=\"lazy\" class=\"wp-image-3885 aligncenter\" src=\"http:\/\/colegionuevohorizonte.cl\/wp-content\/uploads\/2022\/06\/Sin-titulo-6.png\" alt=\"\" width=\"232\" height=\"245\" \/><\/a><\/strong><\/h5>\n<\/td>\n<td valign=\"middle\" width=\"350\">\n<h5 style=\"text-align: center;\"><strong><span class=\"listaprofes\">\u00a0 \u00a0 \u00a0<\/span><\/strong><\/h5>\n<h5 style=\"text-align: center;\"><strong><span class=\"listaprofes\">\u00a0 Profesora jefe 8\u00ba a\u00f1o b\u00e1sico y profesora\u00a0 \u00a0 \u00a0 \u00a0 \u00a0<\/span><span class=\"listaprofes\">especialista de Ingl\u00e9s desde <\/span><span class=\"listaprofes\">Pre &#8211; Kinder a\u00a0 \u00a0 \u00a0 \u00a0 \u00a0 \u00a0 \u00a0 \u00a0 \u00a0 \u00a08\u00b0 a\u00f1o b\u00e1sico<\/span><\/strong><\/h5>\n<h5 style=\"text-align: center;\"><strong>danielabarros@colegionuevohorizonte.cl<\/strong><\/h5>\n<h5 style=\"text-align: center;\"><strong><span class=\"listaprofes\">\u00a0 \u00a0<\/span><\/strong><\/h5>\n<h5 style=\"text-align: center;\">\u00a0<\/h5>\n<\/td>\n<\/tr>\n<tr>\n<td valign=\"top\" width=\"265\" height=\"187\">\n<h5 style=\"text-align: center;\"><strong><span class=\"listaprofes\">Karina Fern\u00e1ndez P\u00e9rez<\/span><\/strong><\/h5>\n<h5><strong><a href=\"http:\/\/colegionuevohorizonte.cl\/wp-content\/uploads\/2022\/06\/KARI.png\"><img decoding=\"async\" loading=\"lazy\" class=\"wp-image-3886 aligncenter\" src=\"http:\/\/colegionuevohorizonte.cl\/wp-content\/uploads\/2022\/06\/KARI-300x239.png\" alt=\"\" width=\"248\" height=\"197\" srcset=\"https:\/\/colegionuevohorizonte.cl\/wp-content\/uploads\/2022\/06\/KARI-300x239.png 300w, https:\/\/colegionuevohorizonte.cl\/wp-content\/uploads\/2022\/06\/KARI.png 728w\" sizes=\"(max-width: 248px) 100vw, 248px\" \/><\/a><\/strong><\/h5>\n<\/td>\n<td valign=\"middle\" width=\"350\">\n<h5 style=\"text-align: center;\"><strong><span class=\"listaprofes\">\u00a0 \u00a0 \u00a0 \u00a0 \u00a0 \u00a0 <\/span><\/strong><\/h5>\n<h5 style=\"text-align: center;\"><strong><span class=\"listaprofes\">\u00a0<\/span><span class=\"listaprofes\">\u00a0Profesora especialista de Matem\u00e1tica de segundo ciclo b\u00e1sico y de taller de Matem\u00e1tica 3\u00b0 y 4\u00b0 a\u00f1o b\u00e1sico<\/span><\/strong><\/h5>\n<h5 style=\"text-align: center;\"><strong>danielabarros@colegionuevohorizonte.cl<\/strong><\/h5>\n<\/td>\n<\/tr>\n<tr>\n<td valign=\"top\" width=\"265\" height=\"186\">\n<h5 style=\"text-align: center;\"><strong><span class=\"listaprofes\">Lile Moraga Letelier\u00a0<\/span><\/strong><\/h5>\n<h5><strong><img decoding=\"async\" loading=\"lazy\" class=\"wp-image-3905 aligncenter\" src=\"http:\/\/colegionuevohorizonte.cl\/wp-content\/uploads\/2022\/06\/WhatsApp-Image-2022-06-22-at-7.55.51-AM-300x280.jpeg\" alt=\"\" width=\"242\" height=\"226\" srcset=\"https:\/\/colegionuevohorizonte.cl\/wp-content\/uploads\/2022\/06\/WhatsApp-Image-2022-06-22-at-7.55.51-AM-300x280.jpeg 300w, https:\/\/colegionuevohorizonte.cl\/wp-content\/uploads\/2022\/06\/WhatsApp-Image-2022-06-22-at-7.55.51-AM-1024x957.jpeg 1024w, https:\/\/colegionuevohorizonte.cl\/wp-content\/uploads\/2022\/06\/WhatsApp-Image-2022-06-22-at-7.55.51-AM-768x718.jpeg 768w, https:\/\/colegionuevohorizonte.cl\/wp-content\/uploads\/2022\/06\/WhatsApp-Image-2022-06-22-at-7.55.51-AM-1536x1435.jpeg 1536w, https:\/\/colegionuevohorizonte.cl\/wp-content\/uploads\/2022\/06\/WhatsApp-Image-2022-06-22-at-7.55.51-AM.jpeg 1600w\" sizes=\"(max-width: 242px) 100vw, 242px\" \/><\/strong><\/h5>\n<\/td>\n<td valign=\"middle\" width=\"350\">\n<h5 style=\"text-align: center;\"><strong><span class=\"listaprofes\">\u00a0 \u00a0 <\/span><\/strong><\/h5>\n<h5 style=\"text-align: center;\"><strong><span class=\"listaprofes\">\u00a0 \u00a0 \u00a0 \u00a0Profesora especialista de Religi\u00f3n desde\u00a0 \u00a0 \u00a0 \u00a0Pre &#8211; Kinder\u00a0 hasta 8\u00ba a\u00f1o b\u00e1sico<\/span><\/strong><\/h5>\n<h5 style=\"text-align: center;\"><strong><span class=\"listaprofes\">\u00a0 lilemoraga@colegionuevohorizonte.cl\u00a0<\/span><\/strong><\/h5>\n<\/td>\n<\/tr>\n<tr>\n<td valign=\"top\" width=\"265\" height=\"186\">\n<h5 style=\"text-align: center;\"><strong><span class=\"listaprofes\">Fernando Fuentes Mart\u00ednez<\/span><\/strong><\/h5>\n<h5><strong><a href=\"http:\/\/colegionuevohorizonte.cl\/wp-content\/uploads\/2022\/06\/FDO.png\"><img decoding=\"async\" loading=\"lazy\" class=\"wp-image-3874 aligncenter\" src=\"http:\/\/colegionuevohorizonte.cl\/wp-content\/uploads\/2022\/06\/FDO.png\" alt=\"\" width=\"225\" height=\"238\" \/><\/a><\/strong><\/h5>\n<\/td>\n<td valign=\"middle\" width=\"350\">\n<h5 style=\"text-align: center;\"><strong><span class=\"listaprofes\">\u00a0 \u00a0 \u00a0 \u00a0 \u00a0<\/span><\/strong><\/h5>\n<h5>\u00a0<\/h5>\n<h5>\u00a0<\/h5>\n<h5 style=\"text-align: center;\"><strong><span class=\"listaprofes\">\u00a0 \u00a0 \u00a0 \u00a0 \u00a0Profesor especialista de Artes musicales\u00a0 \u00a0 \u00a0 \u00a0 \u00a0 \u00a0 \u00a0 \u00a0 de 5\u00b0 a 8\u00b0 b\u00e1sico\u00a0 \u00a0 \u00a0\u00a0<\/span><\/strong><\/h5>\n<h5 style=\"text-align: center;\"><strong><span class=\"listaprofes\">\u00a0 fernandofuentes@colegionuevohorizonte.cl\u00a0<\/span><\/strong><\/h5>\n<h5 style=\"text-align: center;\"><strong><span class=\"listaprofes\">\u00a0 \u00a0 \u00a0 \u00a0 \u00a0 \u00a0 \u00a0 \u00a0 <\/span><span class=\"listaprofes\">\u00a0<\/span><\/strong><\/h5>\n<\/td>\n<\/tr>\n<tr>\n<td valign=\"top\" width=\"265\" height=\"186\">\n<h5 style=\"text-align: center;\"><strong><span class=\"listaprofes\">Luis Vergara Pi\u00f1a<\/span><\/strong><\/h5>\n<h5><strong><a href=\"http:\/\/colegionuevohorizonte.cl\/wp-content\/uploads\/2022\/06\/LUIS.png\"><img decoding=\"async\" loading=\"lazy\" class=\"wp-image-3875 aligncenter\" src=\"http:\/\/colegionuevohorizonte.cl\/wp-content\/uploads\/2022\/06\/LUIS-300x287.png\" alt=\"\" width=\"231\" height=\"221\" srcset=\"https:\/\/colegionuevohorizonte.cl\/wp-content\/uploads\/2022\/06\/LUIS-300x287.png 300w, https:\/\/colegionuevohorizonte.cl\/wp-content\/uploads\/2022\/06\/LUIS.png 423w\" sizes=\"(max-width: 231px) 100vw, 231px\" \/><\/a><\/strong><\/h5>\n<\/td>\n<td valign=\"middle\" width=\"350\">\n<h5 style=\"text-align: center;\"><strong>\u00a0Profesor especialista en Ciencias de segundo ciclo &#8211; Inspector General &#8211; Convivencia escolar<\/strong><\/h5>\n<h5 style=\"text-align: center;\"><strong>luisvergara@colegionuevohorizonte.cl<\/strong><\/h5>\n<\/td>\n<\/tr>\n<tr>\n<td valign=\"top\" width=\"265\" height=\"188\">\n<h5 style=\"text-align: center;\"><strong><span class=\"listaprofes\">Mar\u00eda Jos\u00e9 Orellana Ch\u00e1vez<\/span><\/strong><\/h5>\n<h5 style=\"text-align: center;\"><strong><span class=\"listaprofes\"><a href=\"http:\/\/colegionuevohorizonte.cl\/wp-content\/uploads\/2023\/08\/WhatsApp-Image-2023-08-29-at-08.42.20.jpeg\"><img decoding=\"async\" loading=\"lazy\" class=\"alignnone size-medium wp-image-4240\" src=\"http:\/\/colegionuevohorizonte.cl\/wp-content\/uploads\/2023\/08\/WhatsApp-Image-2023-08-29-at-08.42.20-223x300.jpeg\" alt=\"\" width=\"223\" height=\"300\" srcset=\"https:\/\/colegionuevohorizonte.cl\/wp-content\/uploads\/2023\/08\/WhatsApp-Image-2023-08-29-at-08.42.20-223x300.jpeg 223w, https:\/\/colegionuevohorizonte.cl\/wp-content\/uploads\/2023\/08\/WhatsApp-Image-2023-08-29-at-08.42.20-760x1024.jpeg 760w, https:\/\/colegionuevohorizonte.cl\/wp-content\/uploads\/2023\/08\/WhatsApp-Image-2023-08-29-at-08.42.20-768x1035.jpeg 768w, https:\/\/colegionuevohorizonte.cl\/wp-content\/uploads\/2023\/08\/WhatsApp-Image-2023-08-29-at-08.42.20-1139x1536.jpeg 1139w, https:\/\/colegionuevohorizonte.cl\/wp-content\/uploads\/2023\/08\/WhatsApp-Image-2023-08-29-at-08.42.20.jpeg 1186w\" sizes=\"(max-width: 223px) 100vw, 223px\" \/><\/a><\/span><\/strong><\/h5>\n<\/td>\n<td valign=\"middle\" width=\"350\">\n<h5>\u00a0<\/h5>\n<h5>\u00a0<\/h5>\n<h5 style=\"text-align: center;\"><strong>\u00a0 Psicopedagoga y Educadora diferencial\u00a0 \u00a0 \u00a0 \u00a0 segundo ciclo Programa de Integraci\u00f3n<\/strong><\/h5>\n<h5 style=\"text-align: center;\"><strong>\u00a0 \u00a0 \u00a0 \u00a0 \u00a0 \u00a0 \u00a0 \u00a0 \u00a0 \u00a0 \u00a0 \u00a0 \u00a0 \u00a0 \u00a0 \u00a0 \u00a0 \u00a0 \u00a0mariajoseorellana@colegionuevohorizonte.cl<\/strong><\/h5>\n<p style=\"text-align: center;\">\u00a0<\/p>\n<h5 style=\"text-align: center;\">\u00a0<\/h5>\n<h5 style=\"text-align: center;\"><strong><span class=\"listaprofes\">\u00a0 \u00a0 \u00a0 \u00a0\u00a0<\/span><\/strong><\/h5>\n<\/td>\n<\/tr>\n<tr>\n<td valign=\"top\" width=\"265\" height=\"184\">\n<h5><strong>\u00a0 \u00a0 \u00a0 \u00a0 \u00a0 \u00a0Vanessa Turra Mosquera<\/strong><\/h5>\n<h5 style=\"text-align: center;\"><strong>\u00a0\u00a0<a href=\"http:\/\/colegionuevohorizonte.cl\/wp-content\/uploads\/2026\/03\/Sin-titulo.jpg\"><img decoding=\"async\" loading=\"lazy\" class=\"alignnone size-medium wp-image-4903\" src=\"http:\/\/colegionuevohorizonte.cl\/wp-content\/uploads\/2026\/03\/Sin-titulo-237x300.jpg\" alt=\"\" width=\"237\" height=\"300\" srcset=\"https:\/\/colegionuevohorizonte.cl\/wp-content\/uploads\/2026\/03\/Sin-titulo-237x300.jpg 237w, https:\/\/colegionuevohorizonte.cl\/wp-content\/uploads\/2026\/03\/Sin-titulo.jpg 674w\" sizes=\"(max-width: 237px) 100vw, 237px\" \/><\/a><\/strong><\/h5>\n<p>\u00a0<\/p>\n<\/td>\n<td valign=\"middle\" width=\"350\">\n<h5>\u00a0<\/h5>\n<h5 style=\"text-align: center;\"><strong>Educadora diferencial del Programa de Integraci\u00f3n\u00a0 \u00a0 <\/strong><\/h5>\n<h5 style=\"text-align: center;\"><strong>vanessaturra@colegionuevohorizonte.cl<\/strong><\/h5>\n<h5 style=\"text-align: center;\"><strong>\u00a0 \u00a0\u00a0<\/strong><\/h5>\n<\/td>\n<\/tr>\n<tr>\n<td valign=\"top\" width=\"265\" height=\"184\">\n<h5 style=\"text-align: center;\"><strong>Ana Karina Ramos Ceballos<\/strong><\/h5>\n<h5><strong><a href=\"http:\/\/colegionuevohorizonte.cl\/wp-content\/uploads\/2024\/03\/WhatsApp-Image-2024-03-26-at-09.33.15.jpeg\"><img decoding=\"async\" loading=\"lazy\" class=\" wp-image-4342 aligncenter\" src=\"http:\/\/colegionuevohorizonte.cl\/wp-content\/uploads\/2024\/03\/WhatsApp-Image-2024-03-26-at-09.33.15-169x300.jpeg\" alt=\"\" width=\"206\" height=\"366\" srcset=\"https:\/\/colegionuevohorizonte.cl\/wp-content\/uploads\/2024\/03\/WhatsApp-Image-2024-03-26-at-09.33.15-169x300.jpeg 169w, https:\/\/colegionuevohorizonte.cl\/wp-content\/uploads\/2024\/03\/WhatsApp-Image-2024-03-26-at-09.33.15-576x1024.jpeg 576w, https:\/\/colegionuevohorizonte.cl\/wp-content\/uploads\/2024\/03\/WhatsApp-Image-2024-03-26-at-09.33.15-768x1365.jpeg 768w, https:\/\/colegionuevohorizonte.cl\/wp-content\/uploads\/2024\/03\/WhatsApp-Image-2024-03-26-at-09.33.15-864x1536.jpeg 864w, https:\/\/colegionuevohorizonte.cl\/wp-content\/uploads\/2024\/03\/WhatsApp-Image-2024-03-26-at-09.33.15.jpeg 900w\" sizes=\"(max-width: 206px) 100vw, 206px\" \/><\/a><\/strong><\/h5>\n<h5>\u00a0<\/h5>\n<h5><strong>\u00a0 \u00a0 \u00a0 \u00a0Daniela C\u00f3rdova Letelier<\/strong><\/h5>\n<h5><strong><a href=\"http:\/\/colegionuevohorizonte.cl\/wp-content\/uploads\/2021\/06\/dani-c.jpg\"><img decoding=\"async\" loading=\"lazy\" class=\"wp-image-3554 aligncenter\" src=\"http:\/\/colegionuevohorizonte.cl\/wp-content\/uploads\/2021\/06\/dani-c-300x300.jpg\" alt=\"\" width=\"241\" height=\"241\" srcset=\"https:\/\/colegionuevohorizonte.cl\/wp-content\/uploads\/2021\/06\/dani-c-300x300.jpg 300w, https:\/\/colegionuevohorizonte.cl\/wp-content\/uploads\/2021\/06\/dani-c-150x150.jpg 150w, https:\/\/colegionuevohorizonte.cl\/wp-content\/uploads\/2021\/06\/dani-c.jpg 640w\" sizes=\"(max-width: 241px) 100vw, 241px\" \/><\/a><\/strong><\/h5>\n<\/td>\n<td valign=\"middle\" width=\"350\">\n<h5 style=\"text-align: center;\"><strong>\u00a0\u00a0<\/strong><\/h5>\n<h5 style=\"text-align: center;\"><strong>\u00a0 \u00a0 \u00a0 Psicopedagoga y Educadora diferencial\u00a0 \u00a0 \u00a0 \u00a0 Programa de Integraci\u00f3n segundo ciclo\u00a0<\/strong><\/h5>\n<h5 style=\"text-align: center;\"><strong>anaramos@colegionuevohorizonte.cl<\/strong><\/h5>\n<h5>\u00a0<\/h5>\n<h5 style=\"text-align: center;\">\u00a0<\/h5>\n<h5>\u00a0<\/h5>\n<h5>\u00a0<\/h5>\n<h5>\u00a0<\/h5>\n<h5 style=\"text-align: center;\"><strong>Fonoaudi\u00f3loga del Programa de Integraci\u00f3n<\/strong><\/h5>\n<h5 style=\"text-align: center;\"><strong>danielacordova@colegionuevohorizonte.cl<\/strong><\/h5>\n<\/td>\n<\/tr>\n<tr>\n<td valign=\"top\" width=\"265\" height=\"204\">\n<h5 style=\"text-align: center;\"><strong>Juan Pablo Lorca Gonz\u00e1lez<\/strong><\/h5>\n<h5><strong><a href=\"http:\/\/colegionuevohorizonte.cl\/wp-content\/uploads\/2024\/03\/WhatsApp-Image-2024-03-26-at-12.10.16.jpeg\"><img decoding=\"async\" loading=\"lazy\" class=\"size-medium wp-image-4346 aligncenter\" src=\"http:\/\/colegionuevohorizonte.cl\/wp-content\/uploads\/2024\/03\/WhatsApp-Image-2024-03-26-at-12.10.16-225x300.jpeg\" alt=\"\" width=\"225\" height=\"300\" srcset=\"https:\/\/colegionuevohorizonte.cl\/wp-content\/uploads\/2024\/03\/WhatsApp-Image-2024-03-26-at-12.10.16-225x300.jpeg 225w, https:\/\/colegionuevohorizonte.cl\/wp-content\/uploads\/2024\/03\/WhatsApp-Image-2024-03-26-at-12.10.16-768x1024.jpeg 768w, https:\/\/colegionuevohorizonte.cl\/wp-content\/uploads\/2024\/03\/WhatsApp-Image-2024-03-26-at-12.10.16-1152x1536.jpeg 1152w, https:\/\/colegionuevohorizonte.cl\/wp-content\/uploads\/2024\/03\/WhatsApp-Image-2024-03-26-at-12.10.16.jpeg 1200w\" sizes=\"(max-width: 225px) 100vw, 225px\" \/><\/a><\/strong><\/h5>\n<h5>\u00a0<\/h5>\n<h5 style=\"text-align: center;\"><strong>Loreto Pi\u00f1a Villalobos<\/strong><\/h5>\n<h5><strong><a href=\"http:\/\/colegionuevohorizonte.cl\/wp-content\/uploads\/2022\/06\/Loreto.jpeg\"><img decoding=\"async\" loading=\"lazy\" class=\" wp-image-3895 aligncenter\" src=\"http:\/\/colegionuevohorizonte.cl\/wp-content\/uploads\/2022\/06\/Loreto-225x300.jpeg\" alt=\"\" width=\"214\" height=\"285\" srcset=\"https:\/\/colegionuevohorizonte.cl\/wp-content\/uploads\/2022\/06\/Loreto-225x300.jpeg 225w, https:\/\/colegionuevohorizonte.cl\/wp-content\/uploads\/2022\/06\/Loreto-768x1024.jpeg 768w, https:\/\/colegionuevohorizonte.cl\/wp-content\/uploads\/2022\/06\/Loreto-1152x1536.jpeg 1152w, https:\/\/colegionuevohorizonte.cl\/wp-content\/uploads\/2022\/06\/Loreto.jpeg 1200w\" sizes=\"(max-width: 214px) 100vw, 214px\" \/><\/a><\/strong><\/h5>\n<\/td>\n<td valign=\"middle\" width=\"350\">\n<h5>\u00a0<\/h5>\n<h5 style=\"text-align: center;\"><strong>Psic\u00f3logo del Programa de Integraci\u00f3n<\/strong><\/h5>\n<h5 style=\"text-align: center;\"><strong>juanlorca@colegionuevohorizonte.cl<\/strong><\/h5>\n<h5>\u00a0<\/h5>\n<h5>\u00a0<\/h5>\n<h5>\u00a0<\/h5>\n<h5>\u00a0<\/h5>\n<h5>\u00a0<\/h5>\n<h5>\u00a0<\/h5>\n<h5 style=\"text-align: center;\"><strong>\u00a0 \u00a0 \u00a0 \u00a0 \u00a0 \u00a0 \u00a0 \u00a0 \u00a0 Terapeuta Ocupacional del\u00a0 \u00a0 \u00a0 \u00a0 \u00a0 \u00a0 \u00a0 \u00a0 \u00a0 \u00a0 Programa de Integraci\u00f3n<\/strong><\/h5>\n<h5 style=\"text-align: center;\"><strong>loretopina@colegionuevohorizonte.cl<\/strong><\/h5>\n<\/td>\n<\/tr>\n<tr>\n<td valign=\"top\" width=\"265\" height=\"183\">\n<h5><strong>\u00a0 \u00a0 \u00a0 \u00a0 \u00a0 \u00a0Nikole Aravena Escobar\u00a0<\/strong><\/h5>\n<h5 style=\"text-align: center;\"><a href=\"http:\/\/colegionuevohorizonte.cl\/wp-content\/uploads\/2026\/03\/WhatsApp-Image-2026-03-18-at-12.19.20.jpeg\"><img decoding=\"async\" loading=\"lazy\" class=\"alignnone  wp-image-4897\" src=\"http:\/\/colegionuevohorizonte.cl\/wp-content\/uploads\/2026\/03\/WhatsApp-Image-2026-03-18-at-12.19.20-167x300.jpeg\" alt=\"\" width=\"149\" height=\"268\" srcset=\"https:\/\/colegionuevohorizonte.cl\/wp-content\/uploads\/2026\/03\/WhatsApp-Image-2026-03-18-at-12.19.20-167x300.jpeg 167w, https:\/\/colegionuevohorizonte.cl\/wp-content\/uploads\/2026\/03\/WhatsApp-Image-2026-03-18-at-12.19.20-570x1024.jpeg 570w, https:\/\/colegionuevohorizonte.cl\/wp-content\/uploads\/2026\/03\/WhatsApp-Image-2026-03-18-at-12.19.20.jpeg 713w\" sizes=\"(max-width: 149px) 100vw, 149px\" \/><\/a><\/h5>\n<h5><strong>Francisca Schiappacasse Su\u00e1rez<\/strong><\/h5>\n<h5 style=\"text-align: center;\"><strong>\u00a0 <a href=\"http:\/\/colegionuevohorizonte.cl\/wp-content\/uploads\/2026\/03\/WhatsApp-Image-2026-03-18-at-11.41.43.jpeg\"><img decoding=\"async\" loading=\"lazy\" class=\"alignnone size-medium wp-image-4873\" src=\"http:\/\/colegionuevohorizonte.cl\/wp-content\/uploads\/2026\/03\/WhatsApp-Image-2026-03-18-at-11.41.43-169x300.jpeg\" alt=\"\" width=\"169\" height=\"300\" srcset=\"https:\/\/colegionuevohorizonte.cl\/wp-content\/uploads\/2026\/03\/WhatsApp-Image-2026-03-18-at-11.41.43-169x300.jpeg 169w, https:\/\/colegionuevohorizonte.cl\/wp-content\/uploads\/2026\/03\/WhatsApp-Image-2026-03-18-at-11.41.43-576x1024.jpeg 576w, https:\/\/colegionuevohorizonte.cl\/wp-content\/uploads\/2026\/03\/WhatsApp-Image-2026-03-18-at-11.41.43-768x1366.jpeg 768w, https:\/\/colegionuevohorizonte.cl\/wp-content\/uploads\/2026\/03\/WhatsApp-Image-2026-03-18-at-11.41.43-864x1536.jpeg 864w, https:\/\/colegionuevohorizonte.cl\/wp-content\/uploads\/2026\/03\/WhatsApp-Image-2026-03-18-at-11.41.43.jpeg 899w\" sizes=\"(max-width: 169px) 100vw, 169px\" \/><\/a><\/strong><\/h5>\n<h5><strong>\u00a0 \u00a0 Carolina Vergara Espinoza<\/strong><\/h5>\n<h5><strong><img decoding=\"async\" loading=\"lazy\" class=\"aligncenter\" src=\"http:\/\/colegionuevohorizonte.cl\/wp-content\/uploads\/2023\/03\/Carolina-V.-768x1024.jpeg\" alt=\"Esta imagen tiene un atributo ALT vac\u00edo; su nombre de archivo es Carolina-V.-768x1024.jpeg\" width=\"242\" height=\"323\" \/><\/strong><\/h5>\n<h5>\u00a0<\/h5>\n<\/td>\n<td valign=\"middle\" width=\"350\">\n<h5 style=\"text-align: center;\"><strong>Psic\u00f3loga encargada de Convivencia Escolar<\/strong><\/h5>\n<h5 style=\"text-align: center;\"><strong>nikolearavena@colegionuevohorizonte.cl<\/strong><\/h5>\n<h5>\u00a0<\/h5>\n<h5>\u00a0<\/h5>\n<p>\u00a0<\/p>\n<p>\u00a0<\/p>\n<p>\u00a0<\/p>\n<h5><strong>\u00a0 \u00a0 \u00a0 \u00a0 Trabajadora Social Convivencia escolar<\/strong><\/h5>\n<h5>\u00a0<\/h5>\n<h5>\u00a0<\/h5>\n<h5>\u00a0<\/h5>\n<h5>\u00a0<\/h5>\n<h5>\u00a0<\/h5>\n<h5>\u00a0<\/h5>\n<h5 style=\"text-align: center;\"><strong>Jefa de Unidad T\u00e9cnica 1\u00ba y 2\u00ba ciclo b\u00e1sico<\/strong><\/h5>\n<h5 style=\"text-align: center;\"><strong>carolinavergara@colegionuevohorizonte.cl<\/strong><\/h5>\n<\/td>\n<\/tr>\n<tr>\n<td valign=\"top\" width=\"265\" height=\"182\">\n<h5 style=\"text-align: center;\"><strong><span class=\"listaprofes\">Nora Salas Llanos<\/span><\/strong><\/h5>\n<h5><strong><a href=\"http:\/\/colegionuevohorizonte.cl\/wp-content\/uploads\/2022\/06\/WhatsApp-Image-2022-06-17-at-10.58.42-AM.jpeg\"><img decoding=\"async\" loading=\"lazy\" class=\"wp-image-3881 aligncenter\" src=\"http:\/\/colegionuevohorizonte.cl\/wp-content\/uploads\/2022\/06\/WhatsApp-Image-2022-06-17-at-10.58.42-AM-300x202.jpeg\" alt=\"\" width=\"247\" height=\"166\" srcset=\"https:\/\/colegionuevohorizonte.cl\/wp-content\/uploads\/2022\/06\/WhatsApp-Image-2022-06-17-at-10.58.42-AM-300x202.jpeg 300w, https:\/\/colegionuevohorizonte.cl\/wp-content\/uploads\/2022\/06\/WhatsApp-Image-2022-06-17-at-10.58.42-AM-768x518.jpeg 768w, https:\/\/colegionuevohorizonte.cl\/wp-content\/uploads\/2022\/06\/WhatsApp-Image-2022-06-17-at-10.58.42-AM.jpeg 1024w\" sizes=\"(max-width: 247px) 100vw, 247px\" \/><\/a><\/strong><\/h5>\n<\/td>\n<td valign=\"middle\" width=\"350\">\n<h5 style=\"text-align: center;\"><strong><span class=\"listaprofes\">Jefa de Unidad T\u00e9cnica de\u00a0<\/span>Pre-b\u00e1sica, Coordinadora de Enlaces y Coordinadora CRA<\/strong><\/h5>\n<h5 style=\"text-align: center;\"><strong>norasalas@colegionuevohorizonte.cl<\/strong><\/h5>\n<\/td>\n<\/tr>\n<tr>\n<td valign=\"top\" width=\"265\" height=\"182\">\n<h5 style=\"text-align: center;\"><strong><span class=\"listaprofes\">Paulina Tapia Avalos<\/span><\/strong><\/h5>\n<h5><strong><a href=\"http:\/\/colegionuevohorizonte.cl\/wp-content\/uploads\/2022\/06\/Paulina.jpg\"><img decoding=\"async\" loading=\"lazy\" class=\"wp-image-3918 aligncenter\" src=\"http:\/\/colegionuevohorizonte.cl\/wp-content\/uploads\/2022\/06\/Paulina-300x300.jpg\" alt=\"\" width=\"228\" height=\"228\" srcset=\"https:\/\/colegionuevohorizonte.cl\/wp-content\/uploads\/2022\/06\/Paulina-300x300.jpg 300w, https:\/\/colegionuevohorizonte.cl\/wp-content\/uploads\/2022\/06\/Paulina-150x150.jpg 150w, https:\/\/colegionuevohorizonte.cl\/wp-content\/uploads\/2022\/06\/Paulina.jpg 344w\" sizes=\"(max-width: 228px) 100vw, 228px\" \/><\/a><\/strong><\/h5>\n<\/td>\n<td valign=\"middle\" width=\"350\">\n<h5 style=\"text-align: center;\"><strong>Sostenedora y Directora<\/strong><\/h5>\n<h5 style=\"text-align: center;\"><strong>paulinatapia@colegionuevohorizonte.cl<\/strong><\/h5>\n<h5>\u00a0<\/h5>\n<h5 style=\"text-align: center;\">\u00a0<\/h5>\n<\/td>\n<\/tr>\n<tr>\n<td valign=\"top\" width=\"265\" height=\"184\">\n<h5 style=\"text-align: center;\"><strong><span class=\"listaprofes\">Laura Mu\u00f1oz Araos<\/span><\/strong><\/h5>\n<h5 style=\"text-align: center;\"><strong><a href=\"http:\/\/colegionuevohorizonte.cl\/wp-content\/uploads\/2022\/06\/Laura.jpg\"><img decoding=\"async\" loading=\"lazy\" class=\"wp-image-3907 aligncenter\" src=\"http:\/\/colegionuevohorizonte.cl\/wp-content\/uploads\/2022\/06\/Laura-277x300.jpg\" alt=\"\" width=\"236\" height=\"256\" srcset=\"https:\/\/colegionuevohorizonte.cl\/wp-content\/uploads\/2022\/06\/Laura-277x300.jpg 277w, https:\/\/colegionuevohorizonte.cl\/wp-content\/uploads\/2022\/06\/Laura-768x833.jpg 768w, https:\/\/colegionuevohorizonte.cl\/wp-content\/uploads\/2022\/06\/Laura.jpg 804w\" sizes=\"(max-width: 236px) 100vw, 236px\" \/><\/a><\/strong><\/h5>\n<\/td>\n<td valign=\"middle\" width=\"350\">\n<h5 style=\"text-align: center;\"><strong><span class=\"listaprofes\">\u00a0<\/span><\/strong><\/h5>\n<h5 style=\"text-align: center;\"><strong><span class=\"listaprofes\">Gerente de finanzas<\/span><\/strong><\/h5>\n<h5 style=\"text-align: center;\"><strong>lauramunoz@colegionuevohorizonte.cl<\/strong><\/h5>\n<h5 style=\"text-align: center;\">\u00a0<\/h5>\n<\/td>\n<\/tr>\n<tr>\n<td valign=\"top\" width=\"265\" height=\"56\">\n<h5 style=\"text-align: center;\"><strong><span class=\"listaprofes\">\u00a0Karim Robinson Vidal<\/span><\/strong><\/h5>\n<h5><strong>\u00a0 \u00a0 <a href=\"http:\/\/colegionuevohorizonte.cl\/wp-content\/uploads\/2025\/03\/KARIM.jpg\"><img decoding=\"async\" loading=\"lazy\" class=\"alignnone size-medium wp-image-4532\" src=\"http:\/\/colegionuevohorizonte.cl\/wp-content\/uploads\/2025\/03\/KARIM-231x300.jpg\" alt=\"\" width=\"231\" height=\"300\" srcset=\"https:\/\/colegionuevohorizonte.cl\/wp-content\/uploads\/2025\/03\/KARIM-231x300.jpg 231w, https:\/\/colegionuevohorizonte.cl\/wp-content\/uploads\/2025\/03\/KARIM.jpg 402w\" sizes=\"(max-width: 231px) 100vw, 231px\" \/><\/a><\/strong><\/h5>\n<\/td>\n<td valign=\"middle\" width=\"350\">\n<h5><strong><span class=\"listaprofes\">\u00a0<\/span><\/strong><\/h5>\n<h5 style=\"text-align: center;\"><strong><span class=\"listaprofes\">\u00a0Inspectora y convivencia escolar<\/span><\/strong><\/h5>\n<h5 style=\"text-align: center;\"><strong>karinrobinson@colegionuevohorizonte.cl<\/strong><\/h5>\n<\/td>\n<\/tr>\n<tr>\n<td valign=\"top\" width=\"265\" height=\"185\">\n<h5 style=\"text-align: center;\"><strong><span class=\"listaprofes\">\u00a0M\u00f3nica S\u00e1nchez Zepeda<\/span><\/strong><\/h5>\n<h5><strong><a href=\"http:\/\/colegionuevohorizonte.cl\/wp-content\/uploads\/2022\/06\/MONI.png\"><img decoding=\"async\" loading=\"lazy\" class=\"wp-image-3890 aligncenter\" src=\"http:\/\/colegionuevohorizonte.cl\/wp-content\/uploads\/2022\/06\/MONI-239x300.png\" alt=\"\" width=\"211\" height=\"265\" srcset=\"https:\/\/colegionuevohorizonte.cl\/wp-content\/uploads\/2022\/06\/MONI-239x300.png 239w, https:\/\/colegionuevohorizonte.cl\/wp-content\/uploads\/2022\/06\/MONI-768x964.png 768w, https:\/\/colegionuevohorizonte.cl\/wp-content\/uploads\/2022\/06\/MONI.png 813w\" sizes=\"(max-width: 211px) 100vw, 211px\" \/><\/a><\/strong><\/h5>\n<h5 style=\"text-align: center;\"><strong>Roberto Cepeda<\/strong><\/h5>\n<h5><strong><a href=\"http:\/\/colegionuevohorizonte.cl\/wp-content\/uploads\/2022\/06\/WhatsApp-Image-2022-06-17-at-11.39.17-AM.jpeg\"><img decoding=\"async\" loading=\"lazy\" class=\"wp-image-3902 aligncenter\" src=\"http:\/\/colegionuevohorizonte.cl\/wp-content\/uploads\/2022\/06\/WhatsApp-Image-2022-06-17-at-11.39.17-AM-300x298.jpeg\" alt=\"\" width=\"233\" height=\"231\" srcset=\"https:\/\/colegionuevohorizonte.cl\/wp-content\/uploads\/2022\/06\/WhatsApp-Image-2022-06-17-at-11.39.17-AM-300x298.jpeg 300w, https:\/\/colegionuevohorizonte.cl\/wp-content\/uploads\/2022\/06\/WhatsApp-Image-2022-06-17-at-11.39.17-AM-1024x1017.jpeg 1024w, https:\/\/colegionuevohorizonte.cl\/wp-content\/uploads\/2022\/06\/WhatsApp-Image-2022-06-17-at-11.39.17-AM-150x150.jpeg 150w, https:\/\/colegionuevohorizonte.cl\/wp-content\/uploads\/2022\/06\/WhatsApp-Image-2022-06-17-at-11.39.17-AM-768x763.jpeg 768w, https:\/\/colegionuevohorizonte.cl\/wp-content\/uploads\/2022\/06\/WhatsApp-Image-2022-06-17-at-11.39.17-AM.jpeg 1080w\" sizes=\"(max-width: 233px) 100vw, 233px\" \/><\/a><\/strong><\/h5>\n<\/td>\n<td valign=\"middle\" width=\"350\">\n<h5>\u00a0<\/h5>\n<h5 style=\"text-align: center;\"><strong><span class=\"listaprofes\">Encargada CRA<\/span><\/strong><\/h5>\n<h5 style=\"text-align: center;\"><strong>monicasanchez@colegionuevohorizonte.cl<\/strong><\/h5>\n<h5>\u00a0<\/h5>\n<h5>\u00a0<\/h5>\n<h5>\u00a0<\/h5>\n<h5>\u00a0<\/h5>\n<h5>\u00a0<\/h5>\n<h5>\u00a0<\/h5>\n<h5 style=\"text-align: center;\"><strong>Encargado mantenci\u00f3n Enlaces<\/strong><\/h5>\n<h5 style=\"text-align: center;\"><strong>robertocepeda@colegionuevohorizonte.cl<\/strong><\/h5>\n<\/td>\n<\/tr>\n<tr>\n<td valign=\"top\" width=\"265\" height=\"51\">\n<h5 style=\"text-align: center;\"><strong><span class=\"listaprofes\">\u00a0<\/span>Elizabeth Mu\u00f1oz Villarroel<\/strong><\/h5>\n<h5><strong><a href=\"http:\/\/colegionuevohorizonte.cl\/wp-content\/uploads\/2022\/06\/ELI.png\"><img decoding=\"async\" loading=\"lazy\" class=\"wp-image-3896 aligncenter\" src=\"http:\/\/colegionuevohorizonte.cl\/wp-content\/uploads\/2022\/06\/ELI-297x300.png\" alt=\"\" width=\"242\" height=\"244\" srcset=\"https:\/\/colegionuevohorizonte.cl\/wp-content\/uploads\/2022\/06\/ELI-297x300.png 297w, https:\/\/colegionuevohorizonte.cl\/wp-content\/uploads\/2022\/06\/ELI-150x150.png 150w, https:\/\/colegionuevohorizonte.cl\/wp-content\/uploads\/2022\/06\/ELI-768x777.png 768w, https:\/\/colegionuevohorizonte.cl\/wp-content\/uploads\/2022\/06\/ELI.png 895w\" sizes=\"(max-width: 242px) 100vw, 242px\" \/><\/a><\/strong><\/h5>\n<\/td>\n<td valign=\"middle\" width=\"350\">\n<h5 style=\"text-align: center;\"><strong>\u00a0Auxiliar de servicios menores<\/strong><\/h5>\n<\/td>\n<\/tr>\n<tr>\n<td valign=\"top\" width=\"265\" height=\"41\">\n<h5 style=\"text-align: center;\"><strong>\u00a0 \u00a0 \u00a0 \u00a0 \u00a0 Angel Toro Seleme<\/strong><\/h5>\n<h5 style=\"text-align: center;\"><strong><a href=\"http:\/\/colegionuevohorizonte.cl\/wp-content\/uploads\/2022\/06\/ANGEL.jpg\"><img decoding=\"async\" loading=\"lazy\" class=\"wp-image-3880 aligncenter\" src=\"http:\/\/colegionuevohorizonte.cl\/wp-content\/uploads\/2022\/06\/ANGEL-300x294.jpg\" alt=\"\" width=\"248\" height=\"243\" srcset=\"https:\/\/colegionuevohorizonte.cl\/wp-content\/uploads\/2022\/06\/ANGEL-300x294.jpg 300w, https:\/\/colegionuevohorizonte.cl\/wp-content\/uploads\/2022\/06\/ANGEL-768x752.jpg 768w, https:\/\/colegionuevohorizonte.cl\/wp-content\/uploads\/2022\/06\/ANGEL.jpg 836w\" sizes=\"(max-width: 248px) 100vw, 248px\" \/><\/a><\/strong><\/h5>\n<h5 style=\"text-align: center;\"><strong>Daniel Ram\u00edrez Orrego<\/strong><\/h5>\n<h5><strong><a href=\"http:\/\/colegionuevohorizonte.cl\/wp-content\/uploads\/2022\/06\/WhatsApp-Image-2022-06-17-at-10.04.28-AM.jpeg\"><img decoding=\"async\" loading=\"lazy\" class=\"size-medium wp-image-3897 aligncenter\" src=\"http:\/\/colegionuevohorizonte.cl\/wp-content\/uploads\/2022\/06\/WhatsApp-Image-2022-06-17-at-10.04.28-AM-225x300.jpeg\" alt=\"\" width=\"225\" height=\"300\" srcset=\"https:\/\/colegionuevohorizonte.cl\/wp-content\/uploads\/2022\/06\/WhatsApp-Image-2022-06-17-at-10.04.28-AM-225x300.jpeg 225w, https:\/\/colegionuevohorizonte.cl\/wp-content\/uploads\/2022\/06\/WhatsApp-Image-2022-06-17-at-10.04.28-AM-768x1024.jpeg 768w, https:\/\/colegionuevohorizonte.cl\/wp-content\/uploads\/2022\/06\/WhatsApp-Image-2022-06-17-at-10.04.28-AM-1152x1536.jpeg 1152w, https:\/\/colegionuevohorizonte.cl\/wp-content\/uploads\/2022\/06\/WhatsApp-Image-2022-06-17-at-10.04.28-AM.jpeg 1200w\" sizes=\"(max-width: 225px) 100vw, 225px\" \/><\/a><\/strong><\/h5>\n<\/td>\n<td style=\"text-align: center;\" valign=\"middle\" width=\"350\">\n<h5>\u00a0<\/h5>\n<h5><strong>Auxiliar de servicios menores<\/strong><\/h5>\n<h5>\u00a0<\/h5>\n<h5>\u00a0<\/h5>\n<h5>\u00a0<\/h5>\n<h5>\u00a0<\/h5>\n<h5>\u00a0<\/h5>\n<h5>\u00a0<\/h5>\n<h5><strong>Auxiliar de servicios menores<\/strong><\/h5>\n<\/td>\n<\/tr>\n<tr>\n<td valign=\"top\" width=\"265\" height=\"44\">\n<h5 style=\"text-align: center;\"><strong>\u00a0\u00a0Jeanette Espinoza D\u00edaz<\/strong><\/h5>\n<h5><strong><span class=\"listaprofes\">\u00a0<\/span><span class=\"listaprofes\">\u00a0<a href=\"http:\/\/colegionuevohorizonte.cl\/wp-content\/uploads\/2014\/12\/01f0ece4cb66eebeed9f37bb4fa0c9be.jpg\"><img decoding=\"async\" loading=\"lazy\" class=\"alignnone wp-image-447 aligncenter\" src=\"http:\/\/colegionuevohorizonte.cl\/wp-content\/uploads\/2014\/12\/01f0ece4cb66eebeed9f37bb4fa0c9be-300x300.jpg\" alt=\"01f0ece4cb66eebeed9f37bb4fa0c9be\" width=\"219\" height=\"219\" srcset=\"https:\/\/colegionuevohorizonte.cl\/wp-content\/uploads\/2014\/12\/01f0ece4cb66eebeed9f37bb4fa0c9be-300x300.jpg 300w, https:\/\/colegionuevohorizonte.cl\/wp-content\/uploads\/2014\/12\/01f0ece4cb66eebeed9f37bb4fa0c9be-150x150.jpg 150w, https:\/\/colegionuevohorizonte.cl\/wp-content\/uploads\/2014\/12\/01f0ece4cb66eebeed9f37bb4fa0c9be.jpg 333w\" sizes=\"(max-width: 219px) 100vw, 219px\" \/><\/a><\/span><\/strong><\/h5>\n<h5 style=\"text-align: center;\">\u00a0<\/h5>\n<h5 style=\"text-align: center;\">\u00a0<\/h5>\n<\/td>\n<td style=\"text-align: center;\" valign=\"middle\" width=\"350\">\n<h5>\u00a0<\/h5>\n<h5>\u00a0<\/h5>\n<h5>\u00a0<\/h5>\n<h5><strong>\u00a0Contadora<\/strong><\/h5>\n<h5>\u00a0<\/h5>\n<h5>\u00a0<\/h5>\n<h5>\u00a0<\/h5>\n<\/td>\n<\/tr>\n<\/tbody>\n<\/table>\n<p><!--more--><\/p>\n<p><!--more--><\/p>\n<p><!--more--><\/p>\n<p><!--more--><\/p>\n<p><!--more--><\/p>\n<p><!--more--><\/p>\n<p><!--more--><\/p>\n<p>\u00a0<\/p>\n<h5 style=\"text-align: left;\">\u00a0 \u00a0 \u00a0 \u00a0 \u00a0 \u00a0 \u00a0 \u00a0 \u00a0\u00a0<\/h5>\n<p>\u00a0<\/p>\n<p><strong>\u00a0 <\/strong><!--more--><\/p>\n\n\n<figure class=\"wp-block-image\"><img alt=\"\"\/><\/figure>\n\n\n\n<figure class=\"is-layout-flex wp-block-gallery-1 wp-block-gallery has-nested-images columns-default is-cropped\"><\/figure>\n\n\n\n<figure class=\"is-layout-flex wp-block-gallery-3 wp-block-gallery has-nested-images columns-default is-cropped\"><\/figure>\n\n\n\n<figure class=\"wp-block-image\"><img alt=\"\"\/><\/figure>\n\n\n\n\n\n<figure class=\"wp-block-image\"><img alt=\"\"\/><\/figure>\n\n\n\n<figure class=\"wp-block-image\"><img alt=\"\"\/><\/figure>\n\n\n\n<figure class=\"wp-block-image\"><img alt=\"\"\/><\/figure>\n\n\n\n<figure class=\"wp-block-image\"><img alt=\"\"\/><\/figure>\n\n\n\n<figure class=\"wp-block-image\"><img alt=\"\"\/><\/figure>\n\n\n\n<figure class=\"wp-block-image\"><img alt=\"\"\/><\/figure>\n\n\n\n<figure class=\"wp-block-image\"><img alt=\"\"\/><\/figure>\n\n\n\n<figure class=\"wp-block-image\"><img alt=\"\"\/><\/figure>\n\n\n\n<figure class=\"wp-block-image\"><img alt=\"\"\/><\/figure>\n\n\n\n<figure class=\"wp-block-image\"><img alt=\"\"\/><\/figure>\n\n\n\n<figure class=\"wp-block-image\"><img alt=\"\"\/><\/figure>\n\n\n\n<figure class=\"wp-block-image\"><img alt=\"\"\/><\/figure>\n\n\n\n<figure class=\"wp-block-image\"><img alt=\"\"\/><\/figure>\n\n\n\n<figure class=\"wp-block-image\"><img alt=\"\"\/><\/figure>\n\n\n\n<figure class=\"is-layout-flex wp-block-gallery-5 wp-block-gallery has-nested-images columns-default is-cropped\"><\/figure>\n\n\n\n<figure class=\"wp-block-image\"><img alt=\"\"\/><\/figure>\n\n\n\n<figure class=\"wp-block-image\"><img alt=\"\"\/><\/figure>\n\n\n\n<figure class=\"wp-block-image\"><img alt=\"\"\/><\/figure>\n\n\n\n<figure class=\"wp-block-image\"><img alt=\"\"\/><\/figure>\n","protected":false},"excerpt":{"rendered":"<p>PLANTA DOCENTE Y ADMINISTRATIVA 2024 NOMBRE CARGO Carolina C\u00e1ceres P\u00e9rez \u00a0 \u00a0 Educadora de P\u00e1rvulos de Pre Kinder y Kinder \u00a0 \u00a0 \u00a0 \u00a0carolinacaceres@colegionuevohorizonte.cl Nelly Medina Santander \u00a0 \u00a0 \u00a0<\/p>\n<div class=\"more\">Leer M\u00e1s..<\/div>\n","protected":false},"author":2,"featured_media":0,"parent":0,"menu_order":0,"comment_status":"open","ping_status":"open","template":"","meta":[],"acf":[],"_links":{"self":[{"href":"https:\/\/colegionuevohorizonte.cl\/wp-admin\/wp-json\/wp\/v2\/pages\/178"}],"collection":[{"href":"https:\/\/colegionuevohorizonte.cl\/wp-admin\/wp-json\/wp\/v2\/pages"}],"about":[{"href":"https:\/\/colegionuevohorizonte.cl\/wp-admin\/wp-json\/wp\/v2\/types\/page"}],"author":[{"embeddable":true,"href":"https:\/\/colegionuevohorizonte.cl\/wp-admin\/wp-json\/wp\/v2\/users\/2"}],"replies":[{"embeddable":true,"href":"https:\/\/colegionuevohorizonte.cl\/wp-admin\/wp-json\/wp\/v2\/comments?post=178"}],"version-history":[{"count":99,"href":"https:\/\/colegionuevohorizonte.cl\/wp-admin\/wp-json\/wp\/v2\/pages\/178\/revisions"}],"predecessor-version":[{"id":4904,"href":"https:\/\/colegionuevohorizonte.cl\/wp-admin\/wp-json\/wp\/v2\/pages\/178\/revisions\/4904"}],"wp:attachment":[{"href":"https:\/\/colegionuevohorizonte.cl\/wp-admin\/wp-json\/wp\/v2\/media?parent=178"}],"curies":[{"name":"wp","href":"https:\/\/api.w.org\/{rel}","templated":true}]}}